{"id":2002,"date":"2022-02-17T16:27:16","date_gmt":"2022-02-17T15:27:16","guid":{"rendered":"https:\/\/calefon.es.46-231-5-178.46-231-5-178.visualpublinet.com\/marcas-propias\/"},"modified":"2026-03-26T12:58:05","modified_gmt":"2026-03-26T11:58:05","slug":"marcas-propias","status":"publish","type":"page","link":"https:\/\/calefon.es\/pt-pt\/marcas-propias\/","title":{"rendered":"Marcas propias"},"content":{"rendered":"<p>[et_pb_section fb_built=&#8221;1&#8243; custom_padding_last_edited=&#8221;on|phone&#8221; _builder_version=&#8221;4.16&#8243; _module_preset=&#8221;default&#8221; custom_margin=&#8221;||||false|false&#8221; custom_padding=&#8221;200px||||false|false&#8221; custom_padding_tablet=&#8221;180px||||false|false&#8221; custom_padding_phone=&#8221;150px||||false|false&#8221; locked=&#8221;off&#8221; global_colors_info=&#8221;{}&#8221;][et_pb_row _builder_version=&#8221;4.16&#8243; _module_preset=&#8221;default&#8221; global_colors_info=&#8221;{}&#8221;][et_pb_column type=&#8221;4_4&#8243; _builder_version=&#8221;4.16&#8243; _module_preset=&#8221;default&#8221; global_colors_info=&#8221;{}&#8221;][et_pb_text _builder_version=&#8221;4.17.6&#8243; _module_preset=&#8221;default&#8221; global_colors_info=&#8221;{}&#8221;]<\/p>\n<h1>Marcas Pr\u00f3prias<\/h1>\n<p><span class=\"text-primary\">A Calef\u00f3n tem duas marcas muito exclusivas no seu portf\u00f3lio de marcas: CABEL e SLON.<\/span><\/p>\n<p>[\/et_pb_text][\/et_pb_column][\/et_pb_row][et_pb_row column_structure=&#8221;1_2,1_2&#8243; _builder_version=&#8221;4.16&#8243; _module_preset=&#8221;default&#8221; global_colors_info=&#8221;{}&#8221;][et_pb_column type=&#8221;1_2&#8243; _builder_version=&#8221;4.16&#8243; _module_preset=&#8221;default&#8221; background_enable_color=&#8221;off&#8221; custom_padding=&#8221;70px|80px|70px||false|false&#8221; custom_padding_tablet=&#8221;0px|0px|0px||false|false&#8221; custom_padding_phone=&#8221;|0px|0px||false|false&#8221; custom_padding_last_edited=&#8221;on|tablet&#8221; custom_css_after=&#8221;content: %22 %22;||background-color: #0e667e;||padding:10px;||border-radius: 50%;||position:absolute;||bottom:-5px;||right:-12px;&#8221; border_width_right=&#8221;4px&#8221; border_color_right=&#8221;#A4C2CB&#8221; border_color_bottom=&#8221;#A4C2CB&#8221; border_width_right_tablet=&#8221;0px&#8221; border_width_right_phone=&#8221;0px&#8221; border_width_right_last_edited=&#8221;on|tablet&#8221; global_colors_info=&#8221;{}&#8221; custom_css_after_tablet=&#8221; &#8221; custom_css_after_phone=&#8221; &#8221; custom_css_after_last_edited=&#8221;on|tablet&#8221;][et_pb_image src=&#8221;https:\/\/calefon.es\/wp-content\/uploads\/2022\/02\/cabel-logo.png&#8221; title_text=&#8221;cabel-logo&#8221; _builder_version=&#8221;4.17.6&#8243; _module_preset=&#8221;default&#8221; max_width=&#8221;300px&#8221; global_colors_info=&#8221;{}&#8221;][\/et_pb_image][et_pb_text _builder_version=&#8221;4.17.6&#8243; _module_preset=&#8221;default&#8221; header_font_size=&#8221;0px&#8221; global_colors_info=&#8221;{}&#8221;]<\/p>\n<h1 style=\"text-align: left;\">Cabel<\/h1>\n<p style=\"text-align: left;\"><span class=\"text-primary\">A marca Cabel \u00e9 uma das marcas estrela porque \u00e9 uma marca do grupo AUNA, a que a Calef\u00f3n pertence.<\/span><\/p>\n<p style=\"text-align: left;\">Com os produtos Cabel, o profissional pode ter a certeza de que a qualidade e o pre\u00e7o ser\u00e3o altamente competitivos e ir\u00e3o corresponder \u00e0s suas expectativas. O cat\u00e1logo Cabel est\u00e1 cada vez mais completo, uma vez que incorpora regularmente novos produtos.<br \/> Assim, o \u00e2mbito abrange um sortido que vai desde aquecimento, \u00e1gua quente, canaliza\u00e7\u00e3o, torneiras, casa de banho e piscina. <\/p>\n<p>[\/et_pb_text][et_pb_text _builder_version=&#8221;4.17.6&#8243; _module_preset=&#8221;default&#8221; header_font_size=&#8221;0px&#8221; global_colors_info=&#8221;{}&#8221;]<\/p>\n<h2>Quem fabrica produtos Cabel?<\/h2>\n<p>A cria\u00e7\u00e3o destes produtos est\u00e1 por detr\u00e1s dos principais fabricantes do sector. Empresas fornecedoras com experi\u00eancia comprovada e hist\u00f3rico que fornecer\u00e3o todo o apoio p\u00f3s-venda e SAT necess\u00e1rios, se necess\u00e1rio. <\/p>\n<p>[\/et_pb_text][et_pb_image src=&#8221;https:\/\/calefon.es\/wp-content\/uploads\/2022\/09\/CATALOGO-CABEL-PT.jpg&#8221; alt=&#8221;Cat\u00e1logo CABEL&#8221; title_text=&#8221;Cat\u00e1logo CABEL&#8221; align=&#8221;center&#8221; _builder_version=&#8221;4.17.6&#8243; _module_preset=&#8221;default&#8221; width=&#8221;250px&#8221; width_tablet=&#8221;250px&#8221; width_phone=&#8221;180px&#8221; width_last_edited=&#8221;on|phone&#8221; box_shadow_style=&#8221;preset1&#8243; box_shadow_color=&#8221;rgba(0,0,0,0.15)&#8221; global_colors_info=&#8221;{}&#8221;][\/et_pb_image][et_pb_text _builder_version=&#8221;4.18.0&#8243; _module_preset=&#8221;default&#8221; custom_margin=&#8221;-20px||||false|false&#8221; custom_padding=&#8221;0px||||false|false&#8221; global_colors_info=&#8221;{}&#8221;]<\/p>\n<p style=\"text-align: center;\"><a class=\"et_pb_button btn_download\" href=\"\/wp-content\/uploads\/2024\/03\/TABELA-CABEL_CALEFON_PORTUGAL_MARCO_2024.pdf\" target=\"_blank\" rel=\"noopener\">Download catalogo<\/a><\/p>\n<p>[\/et_pb_text][\/et_pb_column][et_pb_column type=&#8221;1_2&#8243; _builder_version=&#8221;4.16&#8243; _module_preset=&#8221;default&#8221; global_colors_info=&#8221;{}&#8221;][et_pb_image src=&#8221;https:\/\/calefon.es\/wp-content\/uploads\/2022\/02\/slon-by-calefon.jpg&#8221; title_text=&#8221;slon-by-calefon&#8221; _builder_version=&#8221;4.16&#8243; _module_preset=&#8221;default&#8221; width=&#8221;300px&#8221; custom_margin_tablet=&#8221;50px||||false|false&#8221; custom_margin_phone=&#8221;60px||||false|false&#8221; custom_margin_last_edited=&#8221;on|phone&#8221; global_colors_info=&#8221;{}&#8221;][\/et_pb_image][et_pb_text _builder_version=&#8221;4.18.0&#8243; _module_preset=&#8221;default&#8221; header_font_size=&#8221;0px&#8221; global_colors_info=&#8221;{}&#8221;]<\/p>\n<h1 style=\"text-align: left;\">Slon<\/h1>\n<p style=\"text-align: left;\"><span class=\"text-primary\">Slon \u00e9 a marca exclusiva da Calef\u00f3n.<\/span><\/p>\n<p>Associada a esta marca, encontraremos apenas produtos de alta qualidade, que \u00e9 quase uma marca registada na tomada de decis\u00f5es com base no desempenho, acabamentos e efic\u00e1cia.<\/p>\n<p>Uma gama que inclui acumuladores de \u00e1gua el\u00e9tricos e acumuladores em a\u00e7o duplex 2205. Uma marca escolhida por quem procura a tranquilidade de um produto que vai durar muitos anos.<\/p>\n<p>[\/et_pb_text][et_pb_image src=&#8221;https:\/\/calefon.es\/wp-content\/uploads\/2025\/01\/PORTADA_CATALOGO_SLON.jpg&#8221; alt=&#8221;Cat\u00e1logo Slon&#8221; title_text=&#8221;PORTADA_CATALOGO_SLON&#8221; align=&#8221;center&#8221; _builder_version=&#8221;4.18.0&#8243; _module_preset=&#8221;default&#8221; width=&#8221;250px&#8221; width_tablet=&#8221;250px&#8221; width_phone=&#8221;180px&#8221; width_last_edited=&#8221;on|phone&#8221; hover_enabled=&#8221;0&#8243; box_shadow_style=&#8221;preset1&#8243; box_shadow_color=&#8221;rgba(0,0,0,0.15)&#8221; locked=&#8221;off&#8221; global_colors_info=&#8221;{}&#8221; sticky_enabled=&#8221;0&#8243;][\/et_pb_image][et_pb_text _builder_version=&#8221;4.27.4&#8243; _module_preset=&#8221;default&#8221; custom_margin=&#8221;-25px||||false|false&#8221; custom_padding=&#8221;0px||||false|false&#8221; hover_enabled=&#8221;0&#8243; locked=&#8221;off&#8221; global_colors_info=&#8221;{}&#8221; sticky_enabled=&#8221;0&#8243;]<\/p>\n<p style=\"text-align: center;\"><a class=\"et_pb_button btn_download\" href=\"\/wp-content\/uploads\/2026\/03\/CATALOGO_TECNICO_SLON_2026_web.pdf\" target=\"_blank\" rel=\"noopener\">Download catalogo<\/a><\/p>\n<p>[\/et_pb_text][\/et_pb_column][\/et_pb_row][et_pb_row disabled_on=&#8221;on|on|on&#8221; _builder_version=&#8221;4.16&#8243; _module_preset=&#8221;default&#8221; disabled=&#8221;on&#8221; global_colors_info=&#8221;{}&#8221;][et_pb_column type=&#8221;4_4&#8243; _builder_version=&#8221;4.16&#8243; _module_preset=&#8221;default&#8221; global_colors_info=&#8221;{}&#8221;][et_pb_button button_url=&#8221;\/categoria-producto\/marcas-propias\/&#8221; button_text=&#8221;Ver productos&#8221; button_alignment=&#8221;center&#8221; _builder_version=&#8221;4.16&#8243; _module_preset=&#8221;default&#8221; global_colors_info=&#8221;{}&#8221;][\/et_pb_button][\/et_pb_column][\/et_pb_row][\/et_pb_section]<\/p>\n","protected":false},"excerpt":{"rendered":"<p>Marcas Pr\u00f3prias A Calef\u00f3n tem duas marcas muito exclusivas no seu portf\u00f3lio de marcas: CABEL e SLON.Cabel A marca Cabel \u00e9 uma das marcas estrela porque \u00e9 uma marca do grupo AUNA, a que a Calef\u00f3n pertence. Com os produtos Cabel, o profissional pode ter a certeza de que a qualidade e o pre\u00e7o ser\u00e3o [&hellip;]<\/p>\n","protected":false},"author":1,"featured_media":0,"parent":0,"menu_order":0,"comment_status":"closed","ping_status":"closed","template":"","meta":{"_et_pb_use_builder":"on","_et_pb_old_content":"<!-- wp:divi\/placeholder \/-->","_et_gb_content_width":"","footnotes":""},"class_list":["post-2002","page","type-page","status-publish","hentry"],"yoast_head":"<!-- This site is optimized with the Yoast SEO plugin v25.1 - https:\/\/yoast.com\/wordpress\/plugins\/seo\/ -->\n<title>Cabel y Slon | Marcas de suministros Calef\u00f3n | Empresa proveedora<\/title>\n<meta name=\"description\" content=\"Cabel ofrece materiales de calefacci\u00f3n y fontaner\u00eda. Slon incluye termos el\u00e9ctricos y acumuladores. Encuentra suministros de instaladores de calidad en Calef\u00f3n\" \/>\n<meta name=\"robots\" content=\"index, follow, max-snippet:-1, max-image-preview:large, max-video-preview:-1\" \/>\n<link rel=\"canonical\" href=\"https:\/\/calefon.es\/pt-pt\/marcas-propias\/\" \/>\n<meta property=\"og:locale\" content=\"pt_PT\" \/>\n<meta property=\"og:type\" content=\"article\" \/>\n<meta property=\"og:title\" content=\"Cabel y Slon | Marcas de suministros Calef\u00f3n | Empresa proveedora\" \/>\n<meta property=\"og:description\" content=\"Cabel ofrece materiales de calefacci\u00f3n y fontaner\u00eda. Slon incluye termos el\u00e9ctricos y acumuladores. Encuentra suministros de instaladores de calidad en Calef\u00f3n\" \/>\n<meta property=\"og:url\" content=\"https:\/\/calefon.es\/pt-pt\/marcas-propias\/\" \/>\n<meta property=\"og:site_name\" content=\"Calef\u00f3n\" \/>\n<meta property=\"article:modified_time\" content=\"2026-03-26T11:58:05+00:00\" \/>\n<meta name=\"twitter:card\" content=\"summary_large_image\" \/>\n<meta name=\"twitter:label1\" content=\"Tempo estimado de leitura\" \/>\n\t<meta name=\"twitter:data1\" content=\"2 minutos\" \/>\n<script type=\"application\/ld+json\" class=\"yoast-schema-graph\">{\"@context\":\"https:\/\/schema.org\",\"@graph\":[{\"@type\":\"WebPage\",\"@id\":\"https:\/\/calefon.es\/pt-pt\/marcas-propias\/\",\"url\":\"https:\/\/calefon.es\/pt-pt\/marcas-propias\/\",\"name\":\"Cabel y Slon | Marcas de suministros Calef\u00f3n | Empresa proveedora\",\"isPartOf\":{\"@id\":\"https:\/\/calefon.es\/pt-pt\/#website\"},\"datePublished\":\"2022-02-17T15:27:16+00:00\",\"dateModified\":\"2026-03-26T11:58:05+00:00\",\"description\":\"Cabel ofrece materiales de calefacci\u00f3n y fontaner\u00eda. Slon incluye termos el\u00e9ctricos y acumuladores. Encuentra suministros de instaladores de calidad en Calef\u00f3n\",\"breadcrumb\":{\"@id\":\"https:\/\/calefon.es\/pt-pt\/marcas-propias\/#breadcrumb\"},\"inLanguage\":\"pt-PT\",\"potentialAction\":[{\"@type\":\"ReadAction\",\"target\":[\"https:\/\/calefon.es\/pt-pt\/marcas-propias\/\"]}]},{\"@type\":\"BreadcrumbList\",\"@id\":\"https:\/\/calefon.es\/pt-pt\/marcas-propias\/#breadcrumb\",\"itemListElement\":[{\"@type\":\"ListItem\",\"position\":1,\"name\":\"Home\",\"item\":\"https:\/\/calefon.es\/pt-pt\/\"},{\"@type\":\"ListItem\",\"position\":2,\"name\":\"Marcas propias\"}]},{\"@type\":\"WebSite\",\"@id\":\"https:\/\/calefon.es\/pt-pt\/#website\",\"url\":\"https:\/\/calefon.es\/pt-pt\/\",\"name\":\"Calef\u00f3n\",\"description\":\"\",\"potentialAction\":[{\"@type\":\"SearchAction\",\"target\":{\"@type\":\"EntryPoint\",\"urlTemplate\":\"https:\/\/calefon.es\/pt-pt\/?s={search_term_string}\"},\"query-input\":{\"@type\":\"PropertyValueSpecification\",\"valueRequired\":true,\"valueName\":\"search_term_string\"}}],\"inLanguage\":\"pt-PT\"}]}<\/script>\n<!-- \/ Yoast SEO plugin. -->","yoast_head_json":{"title":"Cabel y Slon | Marcas de suministros Calef\u00f3n | Empresa proveedora","description":"Cabel ofrece materiales de calefacci\u00f3n y fontaner\u00eda. Slon incluye termos el\u00e9ctricos y acumuladores. Encuentra suministros de instaladores de calidad en Calef\u00f3n","robots":{"index":"index","follow":"follow","max-snippet":"max-snippet:-1","max-image-preview":"max-image-preview:large","max-video-preview":"max-video-preview:-1"},"canonical":"https:\/\/calefon.es\/pt-pt\/marcas-propias\/","og_locale":"pt_PT","og_type":"article","og_title":"Cabel y Slon | Marcas de suministros Calef\u00f3n | Empresa proveedora","og_description":"Cabel ofrece materiales de calefacci\u00f3n y fontaner\u00eda. Slon incluye termos el\u00e9ctricos y acumuladores. Encuentra suministros de instaladores de calidad en Calef\u00f3n","og_url":"https:\/\/calefon.es\/pt-pt\/marcas-propias\/","og_site_name":"Calef\u00f3n","article_modified_time":"2026-03-26T11:58:05+00:00","twitter_card":"summary_large_image","twitter_misc":{"Tempo estimado de leitura":"2 minutos"},"schema":{"@context":"https:\/\/schema.org","@graph":[{"@type":"WebPage","@id":"https:\/\/calefon.es\/pt-pt\/marcas-propias\/","url":"https:\/\/calefon.es\/pt-pt\/marcas-propias\/","name":"Cabel y Slon | Marcas de suministros Calef\u00f3n | Empresa proveedora","isPartOf":{"@id":"https:\/\/calefon.es\/pt-pt\/#website"},"datePublished":"2022-02-17T15:27:16+00:00","dateModified":"2026-03-26T11:58:05+00:00","description":"Cabel ofrece materiales de calefacci\u00f3n y fontaner\u00eda. Slon incluye termos el\u00e9ctricos y acumuladores. Encuentra suministros de instaladores de calidad en Calef\u00f3n","breadcrumb":{"@id":"https:\/\/calefon.es\/pt-pt\/marcas-propias\/#breadcrumb"},"inLanguage":"pt-PT","potentialAction":[{"@type":"ReadAction","target":["https:\/\/calefon.es\/pt-pt\/marcas-propias\/"]}]},{"@type":"BreadcrumbList","@id":"https:\/\/calefon.es\/pt-pt\/marcas-propias\/#breadcrumb","itemListElement":[{"@type":"ListItem","position":1,"name":"Home","item":"https:\/\/calefon.es\/pt-pt\/"},{"@type":"ListItem","position":2,"name":"Marcas propias"}]},{"@type":"WebSite","@id":"https:\/\/calefon.es\/pt-pt\/#website","url":"https:\/\/calefon.es\/pt-pt\/","name":"Calef\u00f3n","description":"","potentialAction":[{"@type":"SearchAction","target":{"@type":"EntryPoint","urlTemplate":"https:\/\/calefon.es\/pt-pt\/?s={search_term_string}"},"query-input":{"@type":"PropertyValueSpecification","valueRequired":true,"valueName":"search_term_string"}}],"inLanguage":"pt-PT"}]}},"_links":{"self":[{"href":"https:\/\/calefon.es\/pt-pt\/wp-json\/wp\/v2\/pages\/2002","targetHints":{"allow":["GET"]}}],"collection":[{"href":"https:\/\/calefon.es\/pt-pt\/wp-json\/wp\/v2\/pages"}],"about":[{"href":"https:\/\/calefon.es\/pt-pt\/wp-json\/wp\/v2\/types\/page"}],"author":[{"embeddable":true,"href":"https:\/\/calefon.es\/pt-pt\/wp-json\/wp\/v2\/users\/1"}],"replies":[{"embeddable":true,"href":"https:\/\/calefon.es\/pt-pt\/wp-json\/wp\/v2\/comments?post=2002"}],"version-history":[{"count":13,"href":"https:\/\/calefon.es\/pt-pt\/wp-json\/wp\/v2\/pages\/2002\/revisions"}],"predecessor-version":[{"id":17702,"href":"https:\/\/calefon.es\/pt-pt\/wp-json\/wp\/v2\/pages\/2002\/revisions\/17702"}],"wp:attachment":[{"href":"https:\/\/calefon.es\/pt-pt\/wp-json\/wp\/v2\/media?parent=2002"}],"curies":[{"name":"wp","href":"https:\/\/api.w.org\/{rel}","templated":true}]}}