{"id":2018,"date":"2020-02-17T09:27:38","date_gmt":"2020-02-17T08:27:38","guid":{"rendered":"https:\/\/calefon.es.46-231-5-178.46-231-5-178.visualpublinet.com\/politica-de-privacidad\/"},"modified":"2025-08-22T11:24:58","modified_gmt":"2025-08-22T09:24:58","slug":"politica-de-privacidad","status":"publish","type":"page","link":"https:\/\/calefon.es\/pt-pt\/politica-de-privacidad\/","title":{"rendered":"Pol\u00edtica de Privacidad"},"content":{"rendered":"<p>[et_pb_section fb_built=&#8221;1&#8243; _builder_version=&#8221;4.16&#8243; custom_padding=&#8221;200px||||false|false&#8221; global_colors_info=&#8221;{}&#8221;][et_pb_row _builder_version=&#8221;4.16&#8243; background_size=&#8221;initial&#8221; background_position=&#8221;top_left&#8221; background_repeat=&#8221;repeat&#8221; global_colors_info=&#8221;{}&#8221;][et_pb_column type=&#8221;4_4&#8243; _builder_version=&#8221;4.16&#8243; custom_padding=&#8221;|||&#8221; global_colors_info=&#8221;{}&#8221; custom_padding__hover=&#8221;|||&#8221;][et_pb_text _builder_version=&#8221;4.27.4&#8243; background_size=&#8221;initial&#8221; background_position=&#8221;top_left&#8221; background_repeat=&#8221;repeat&#8221; hover_enabled=&#8221;0&#8243; global_colors_info=&#8221;{}&#8221; sticky_enabled=&#8221;0&#8243;]<\/p>\n<h1>Pol\u00edtica de privacidad<\/h1>\n<p>Desde SUMINISTROS CALEF\u00d3N, S.L. entendemos que es esencial mantener una relaci\u00f3n transparente contigo, por ello, a continuaci\u00f3n, te presentamos nuestra Pol\u00edtica de Privacidad, para que en todo momento est\u00e9s debidamente informado acerca de c\u00f3mo recopilamos y tratamos de forma segura cualquier dato que nos facilites.<br \/>\nTus datos ser\u00e1n tratados de conformidad con la legislaci\u00f3n vigente y, en concreto, de acuerdo a lo establecido en el Reglamento (UE) 2016\/679 de 27 de abril de 2016 (RGPD) relativo a la protecci\u00f3n de las personas f\u00edsicas en lo que respecta al tratamiento de datos personales y a la libre circulaci\u00f3n de estos datos. Tambi\u00e9n en lo referente a la Ley Org\u00e1nica 3\/2018, del 5 de diciembre, de Protecci\u00f3n de Datos Personales y Garant\u00eda de los Derechos Digitales.<br \/>\nUna lectura detenida de nuestra Pol\u00edtica de Privacidad te aportar\u00e1 la informaci\u00f3n necesaria para conocer qu\u00e9 destino le daremos a los datos que nos proporciones. <\/p>\n<h2>\u00bfQUI\u00c9N ES EL RESPONSABLE DEL TRATAMIENTO DE TUS DATOS?<\/h2>\n<p>Si t\u00fa, o una persona autorizada, nos has facilitado tus datos, te informamos de que SUMINISTROS CALEF\u00d3N, S.L., con CIF: ESB15122260 es el responsable del tratamiento de los mismos. Estos datos ser\u00e1n tratados de conformidad con lo dispuesto en las normativas vigentes sobre protecci\u00f3n de datos personales.<br \/>\nEs posible que existan otros responsables en los tratamientos que realizamos, en ese caso siempre informaremos de quien es el\/la responsable del tratamiento de los mismos, as\u00ed como de sus  datos de identificaci\u00f3n.<br \/>\nDesde SUMINISTROS CALEF\u00d3N, S.L. nos comprometemos al cumplimiento de la obligaci\u00f3n de secreto de los datos de car\u00e1cter personal y de su deber de guardarlos. Para eso adoptamos las medidas necesarias para evitar su alteraci\u00f3n, p\u00e9rdida, tratamiento o acceso no autorizado de acuerdo con establecido en el Reglamento.<\/p>\n<h2>\u00bfD\u00d3NDE INFORMAMOS?<\/h2>\n<p>Desde SUMINISTROS CALEF\u00d3N, S.L. informamos a trav\u00e9s de la p\u00e1gina web www.calefon.es en el apartado correspondiente a la pol\u00edtica de privacidad. M\u00e1s informaci\u00f3n en \u201cAviso Legal\u201d.<\/p>\n<h2>\u00bfQU\u00c9 DATOS PERSONALES TRATAMOS?<\/h2>\n<p>Los datos personales que tratamos son:<\/p>\n<ul>\n<li>Aquellos que t\u00fa decidas facilitarnos voluntariamente<\/li>\n<li>Los datos derivados de las comunicaciones que mantengas con nosotros.<\/li>\n<li>La informaci\u00f3n correspondiente a tu propia navegaci\u00f3n en el caso de Servicios Online, (direcci\u00f3n IP o informaci\u00f3n derivada de cookies o dispositivos similares (puedes ver nuestra Pol\u00edtica de Cookies en la web).<\/li>\n<li>Aquella informaci\u00f3n que se encuentre disponible en fuentes accesibles al p\u00fablico, a la que leg\u00edtimamente podamos acceder.<\/li>\n<li>Los datos que se deriven de la relaci\u00f3n contractual o precontractual que mantengas con nosotros, incluida tu imagen, inform\u00e1ndote siempre en este caso de la posibilidad de captar tu imagen.<\/li>\n<li>Los que terceras personas nos proporcionen sobre ti, existiendo una base leg\u00edtima para ello o habiendo obtenido tu consentimiento para ello.<\/li>\n<li>Los datos de terceros que t\u00fa nos facilites, previo consentimiento del tercero en cuesti\u00f3n.<\/li>\n<\/ul>\n<h2>\u00bfC\u00d3MO TRATAMOS LOS DATOS?<\/h2>\n<p>En SUMINISTROS CALEF\u00d3N, S.L. tratamos tus datos personales siempre en estricto cumplimiento de la legislaci\u00f3n vigente. Adem\u00e1s, te informamos de que contamos con las medidas t\u00e9cnicas y organizativas adecuadas para garantizar un nivel \u00f3ptimo de seguridad, garantizando con ello que solo acceder\u00e1n aquellas personas que tengan autorizaci\u00f3n, que los mantendremos \u00edntegros, evitando cualquier p\u00e9rdida intencionada o accidental y que hemos reforzado los sistemas y servicios de tratamiento de datos.<br \/>\nLas operaciones, gestiones y procedimientos t\u00e9cnicos que realizamos de forma automatizada o no automatizada y que posibiliten la recogida, almacenamiento, modificaci\u00f3n, transferencia y otras acciones sobre datos de car\u00e1cter personal, tienen la consideraci\u00f3n de tratamiento de datos personales.<\/p>\n<h2>\u00bfCU\u00c1L ES LA LEGITIMACI\u00d3N DEL TRATAMIENTO?<\/h2>\n<p>La base de la legitimaci\u00f3n del tratamiento de Datos Personales ser\u00e1 la que resulte de la relaci\u00f3n contractual o precontractual, de la relaci\u00f3n laboral o de cualquier otra que se requiera para el tratamiento de datos, tales como el consentimiento expreso.<\/p>\n<h2>\u00bfC\u00d3MO GESTIONAMOS LAS COMUNICACIONES ELECTR\u00d3NICAS?<\/h2>\n<p>De conformidad con lo establecido en la Ley 34\/2002 de 11 de julio, de Servicios de la Sociedad de la Informaci\u00f3n y del Comercio Electr\u00f3nico, y la Directiva 2002\/58\/CE te informamos de que puedes recibir comunicaciones e informaci\u00f3n de \u00edndole comercial mediante este sistema de comunicaci\u00f3n electr\u00f3nica (correos electr\u00f3nicos, mensajes de respuesta automatizada de formularios y otros sistemas de comunicaci\u00f3n) cuando nos hubieras otorgado tu consentimiento o bien se trate de comunicaciones comerciales referentes a productos o servicios similares a los prestados con anterioridad por el responsable del tratamiento de tus datos.<br \/>\nEn el supuesto de que no desees recibir comunicaciones e informaciones de esta \u00edndole, nos lo puedes notificar por esta misma v\u00eda indicando en el asunto &#8220;BAJA COMUNICACIONES COMERCIALES&#8221; para que tus datos personales sean dados de baja de nuestra base de datos. Tu solicitud ser\u00e1 accionada en un plazo de 1 mes desde su env\u00edo. En el supuesto de que no recibamos contestaci\u00f3n expresa por tu parte, entenderemos que aceptas y autorizas que nuestra entidad siga realizando las referidas comunicaciones<br \/>\nEn el caso de recibir dichas comunicaciones por estos medios te informamos que los mensajes se dirigen exclusivamente a su destinatario y puede contener informaci\u00f3n privilegiada o confidencial. Si no eres el destinatario indicado, te notificamos de que la utilizaci\u00f3n, divulgaci\u00f3n y\/o copia sin autorizaci\u00f3n est\u00e1 prohibida en virtud de la legislaci\u00f3n vigente.<\/p>\n<h2>\u00bfCU\u00c1NTO TIEMPO CONSERVAMOS TUS DATOS?<\/h2>\n<p>Los datos personales relativos a personas f\u00edsicas que desde SUMINISTROS CALEF\u00d3N, S.L. recopilamos por cualquier medio, se conservar\u00e1n mientras el interesado no solicite su supresi\u00f3n. As\u00ed mismo, se conservar\u00e1n mientras se mantenga la relaci\u00f3n que origin\u00f3 el tratamiento de los datos, respetando en cualquier caso los plazos legales de conservaci\u00f3n. Concluido este per\u00edodo, los datos personales ser\u00e1n eliminados de todos los sistemas de SUMINISTROS CALEF\u00d3N, S.L..<\/p>\n<h2>\u00bfTUS DATOS SER\u00c1N COMUNICADOS A TERCEROS?<\/h2>\n<p>No habr\u00e1 cesi\u00f3n, transmisi\u00f3n o transferencia de datos personales, salvo las ya informadas, que no sean a consecuencia de una obligaci\u00f3n legal. Si por requerimiento de la Administraci\u00f3n P\u00fablica o de las Instituciones Auton\u00f3micas en el \u00e1mbito de las funciones que la ley les atribuya expresamente, se nos solicitan tus datos, estos ser\u00e1n transmitidos.<br \/>\nDe existir una cesi\u00f3n, transmisi\u00f3n o transferencia de datos personales fuera de los casos anteriormente previstos, ser\u00e1s previamente informado para que, si procede, nos prestes tu consentimiento.<br \/>\nPero para poder organizarnos correctamente, tener buenas operativas y procedimientos que garanticen una buena gesti\u00f3n, desde SUMINISTROS CALEF\u00d3N, S.L. puede ser necesario el tener que contratar los servicios de asesores, profesionales, u otras empresas de servicios para tratar datos bajo nuestras indicaciones.<br \/>\nEste tratamiento por cuenta de terceros est\u00e1 regulada en un contrato que consta por escrito o de alguna otra forma legalmente admitida y que permita acreditar su celebraci\u00f3n y contenido, especificando expresamente que el encargado del tratamiento tratar\u00e1 los datos conforme a nuestras instrucciones y no los aplicar\u00e1 o usar\u00e1 con un fin distinto al que figure en dicho contrato, ni los comunicar\u00e1, ni siquiera para su conservaci\u00f3n, a otras personas.<\/p>\n<h2>\u00bfCU\u00c1LES SON TUS DERECHOS?<\/h2>\n<p>La normativa de protecci\u00f3n de datos le confiere los siguientes derechos:<\/p>\n<ul>\n<li>Derecho a revocar cualquier consentimiento prestado previamente.<\/li>\n<li>Derecho de acceso: Conocer qu\u00e9 tipo de datos se est\u00e1n tratando y las caracter\u00edsticas del tratamiento que se lleva a cabo. <\/li>\n<li>Derecho de rectificaci\u00f3n: Poder solicitar la modificaci\u00f3n de los datos que sean inexactos o no veraces <\/li>\n<li>Derecho de portabilidad: Poder obtener una copia en formato interoperable de los datos que est\u00e9n siendo tratados. <\/li>\n<li>Derecho a la limitaci\u00f3n del tratamiento en los casos que considere que no es necesario. <\/li>\n<li>Derecho de cancelaci\u00f3n: Solicitar el cese del tratamiento de los datos y su supresi\u00f3n cuando ya no sea necesaria su conservaci\u00f3n.<\/li>\n<\/ul>\n<p>Si deseas m\u00e1s informaci\u00f3n respecto al tratamiento de tus datos, rectificar aquellos que sean inexactos, oponerse y\/o limitar alg\u00fan tratamiento que consideres que no es necesario, o solicitar la cancelaci\u00f3n del tratamiento cuando los datos ya no sean necesarios, puedes dirigirte por escrito a SUMINISTROS CALEF\u00d3N, S.L. en Pol\u00edgono de A Sionlla &#8211; c\/Pa\u00eds Vasco, n\u00ba49 &#8211; C.P.15707 &#8211; Santiago de Compostela (A Coru\u00f1a) o mediante correo electr\u00f3nico a  derechoslopd@calefon.es.<\/p>\n<ul>\n<li>Dicha comunicaci\u00f3n deber\u00e1 reflejar la siguiente informaci\u00f3n: Nombre y apellidos del usuario, la petici\u00f3n de solicitud, el domicilio y los datos acreditativos. <\/li>\n<li>El ejercicio de derechos deber\u00e1 ser realizado por el propio usuario. No obstante, podr\u00e1n ser ejecutados por una persona autorizada como representante legal del autorizado. En tal caso, se deber\u00e1 aportar la documentaci\u00f3n que acredite esta representaci\u00f3n del interesado. <\/li>\n<\/ul>\n<p>As\u00ed mismo, queremos informarte de que puedes retirar el consentimiento prestado sin que ello afecte a la licitud del tratamiento ya realizado, enviando tu solicitud a la misma direcci\u00f3n indicada en el p\u00e1rrafo anterior. En este caso, deber\u00e1s acompa\u00f1ar a tu solicitud, copia de tu DNI o documento acreditativo de tu identidad.<br \/>\nRecordarte, adem\u00e1s, que tienes derecho a presentar una reclamaci\u00f3n ante la Agencia Espa\u00f1ola de Protecci\u00f3n de Datos (AEPD), si consideras infringidos tus derechos Protecci\u00f3n de datos C\/ Jorge Juan, 6 28001-Madrid &#8211; FAX: 914483680- TELF: 901 100 099- E-mail: ciudadano@agpd.es <\/p>\n<h2>\u00bfCU\u00c1L ES LA FINALIDAD Y BASE DE LEGITIMACI\u00d3N PARA EL TRATAMIENTO DE LOS DATOS Y CUANTO SE CONSERVARAN LOS DATOS?<\/h2>\n<p>Detallamos a continuaci\u00f3n las finalidades de los tratamientos de datos llevados a cabo por alguno, o todos, de los Responsables de Tratamiento enumerados  con anterioridad.<\/p>\n<table>\n<tr>\n<th>DE TRATAMIENTO<\/th>\n<th>FINALIDAD DEL TRATAMIENTO<\/th>\n<th>BASE DE LEGITIMACI\u00d3N<\/th>\n<th>PLAZO DE CONSERVACI\u00d3N<\/th>\n<\/tr>\n<tr>\n<td>Gesti\u00f3n laboral<\/td>\n<td>Gesti\u00f3n del personal para formalizaci\u00f3n de un contratro laboral, control de expedientes, gesti\u00f3n y env\u00edo de n\u00f3minas&#8230;<\/td>\n<td>Relaci\u00f3n contractual<\/td>\n<td>5 a\u00f1os desde la finalizaci\u00f3n del contrato<\/td>\n<\/tr>\n<tr>\n<td>Gesti\u00f3n fiscal y contable<\/td>\n<td>Tratamiento necesario para el cumplimiento de las obligaciones fiscales y contables<\/td>\n<td>\n            Relaci\u00f3n contractual<br \/>\n            Obligaci\u00f3n legal para el\/la responsable<br \/>\n            Intereses leg\u00edtimos prevalentes del responsable o de terceros\n        <\/td>\n<td>\n            5 a\u00f1os desde la finalizaci\u00f3n del contrato<br \/>\n            El tiempo necesario para responder de obligaciones legales\n        <\/td>\n<\/tr>\n<tr>\n<td>Gesti\u00f3n de contactos<\/td>\n<td>Tratamiento de los datos para poder mantener comunicaciones con los interesados\/as<\/td>\n<td>\n            Relaci\u00f3n contractual<br \/>\n            Intereses leg\u00edtimos prevalentes del responsable o de terceros<br \/>\n            Consentimiento expreso del interesado\/a\n        <\/td>\n<td>\n            5 a\u00f1os desde la finalizaci\u00f3n del contrato<br \/>\n            Hasta la cancelaci\u00f3n y\/o oposici\u00f3n por parte del\/de la titular<br \/>\n            Hasta la p\u00e9rdida relevante de su uso\n        <\/td>\n<\/tr>\n<tr>\n<td>Prevenci\u00f3n de riesgos laborales<\/td>\n<td>Cumplimiento de la legislaci\u00f3n vigente en materia de prevenci\u00f3n de riesgos laborales y vigilancia de la salud<\/p>\n<td>\n            Relaci\u00f3n contractual<\/\n            Obligaci\u00f3n legal para el\/la responsable\n        <\/td>\n<td>\n            Hasta la finalizaci\u00f3n de la relaci\u00f3n contractual<br \/>\n            El plazo legalmente establecido por la normativa espec\u00edfica\n        <\/td>\n<\/tr>\n<tr>\n<td>Videovigilancia<\/td>\n<td>Captaci\u00f3n de im\u00e1genes por el sistema de videovigilancia y\/o sistema de alarma con captaci\u00f3n de im\u00e1genes, para proteger los activos de la entidad<\/td>\n<td>Intereses leg\u00edtimos prevalentes del responsable o de terceros<\/td>\n<td>1 mes<\/td>\n<\/tr>\n<tr>\n<td>Gesti\u00f3n de candidatos\/as a un puesto de trabajo<\/td>\n<td>Selecci\u00f3n de personal y provisi\u00f3n de puestos de trabajo mediante gesti\u00f3n de curriculum, entrevistas personales y pruebas de valoraci\u00f3n<\/td>\n<td>\n            Intereses vitales del interesado\/a o de otras personas<br \/>\n            Consentimiento expreso del interesado\/a\n        <\/td>\n<td>M\u00e1ximo 1 a\u00f1o<\/td>\n<\/tr>\n<tr>\n<td>Comunicaci\u00f3n informativa y notificaciones<\/td>\n<td>Difusi\u00f3n de actividades y notificaciones de informaci\u00f3n relevante relacionada con la actividad de la entidad<\/td>\n<td>\n            Intereses leg\u00edtimos prevalentes del responsable o de terceros<br \/>\n            Consentimiento expreso del interesado\/a\n        <\/td>\n<td>Hasta la cancelaci\u00f3n y\/o oposici\u00f3n por parte del\/de la titular<\/td>\n<\/tr>\n<tr>\n<td>Gesti\u00f3n de clientes<\/td>\n<td>Tratamiento de los datos necesarios para el mantenimiento de la relaci\u00f3n comercial\/contractual con los clientes, la facturaci\u00f3n, el servicio post-venta, el env\u00edo de promociones y publicidad y la fidelizaci\u00f3n.<\/td>\n<td>\n            Relaci\u00f3n contractual<br \/>\n            Relaci\u00f3n comercial\n        <\/td>\n<td>\n            5 a\u00f1os desde la finalizaci\u00f3n del contrato<br \/>\n            El plazo legalmente establecido por la normativa espec\u00edfica\n        <\/td>\n<\/tr>\n<tr>\n<td>Gesti\u00f3n de proveedores<\/td>\n<td>An\u00e1lisis, valoraci\u00f3n, contrataci\u00f3n, gesti\u00f3n de pedidos y gesti\u00f3n de pagos a proveedores<\/td>\n<td>Relaci\u00f3n contractual<\/td>\n<td>\n            5 a\u00f1os desde la finalizaci\u00f3n del contrato<br \/>\n            El plazo legalmente establecido por la normativa espec\u00edfica\n        <\/td>\n<\/tr>\n<tr>\n<td>Gesti\u00f3n de pedidos<\/td>\n<td>Gesti\u00f3n y trazabilidad de los pedidos realizados a trav\u00e9s de los diferentes canales de distribuci\u00f3n del responsable<\/td>\n<td>\n            Relaci\u00f3n contractual<br \/>\n            Relaci\u00f3n comercial\n        <\/td>\n<td>Hasta la finalizaci\u00f3n de la relaci\u00f3n contractual<\/td>\n<\/tr>\n<tr>\n<td>Gesti\u00f3n de potenciales clientes<\/td>\n<td>Poder realizar las comunicaciones necesarias con posibles clientes y\/u otros interesados\/as, env\u00edo de presupuestos, tarifas, costes de productos y dem\u00e1s informaci\u00f3n solicitada previa a establecer una relaci\u00f3n contractual<\/td>\n<td>Relaci\u00f3n comercial<\/td>\n<td>Hasta la p\u00e9rdida relevante de su uso<\/td>\n<\/tr>\n<tr>\n<td>Control laboral<\/td>\n<td>Control de asistencia de los empleados\/as al puesto de trabajo, control de horarios y gesti\u00f3n de vacaciones, bajas y otras asistencias.<\/td>\n<td>\n            Relaci\u00f3n contractual<br \/>\n            Obligaci\u00f3n legal para el\/la responsable<br \/>\n            Intereses leg\u00edtimos prevalentes del responsable o de terceros\n        <\/td>\n<td>Hasta la finalizaci\u00f3n de la relaci\u00f3n contractual<\/td>\n<\/tr>\n<tr>\n<td>Env\u00edo de publicidad<\/td>\n<td>Env\u00edo de informaci\u00f3n comercial, notificaciones sobre actos y eventos de inter\u00e9s, ofertas, informaci\u00f3n sobre productos y servicios, a clientes y\/o potenciales clientes.<\/td>\n<td>\n            Consentimiento expreso del interesado\/a\n        <\/td>\n<td>Hasta la cancelaci\u00f3n y\/o oposici\u00f3n por parte del\/de la titular<br \/>\nHasta la p\u00e9rdida relevante de su uso<\/td>\n<\/tr>\n<tr>\n<td>Geolocalizaci\u00f3n de equipos y\/o veh\u00edculos<\/td>\n<td>Gestionar el alta de usuarios autorizados a manejar equipos y\/o veh\u00edculos con geolocalizaci\u00f3n, localizar el dispositivo, verificar rutas y generar informes<\/td>\n<td>\n            Intereses leg\u00edtimos prevalentes del responsable o de terceros<br \/>\n            Consentimiento expreso del interesado\/a\n        <\/td>\n<td>Hasta la finalizaci\u00f3n de la relaci\u00f3n contractual<\/td>\n<\/table>\n<p>FECHA DE REVISI\u00d3N: Julio 2025[\/et_pb_text][\/et_pb_column][\/et_pb_row][\/et_pb_section]<\/p>\n","protected":false},"excerpt":{"rendered":"<p>Pol\u00edtica de privacidad Desde SUMINISTROS CALEF\u00d3N, S.L. entendemos que es esencial mantener una relaci\u00f3n transparente contigo, por ello, a continuaci\u00f3n, te presentamos nuestra Pol\u00edtica de Privacidad, para que en todo momento est\u00e9s debidamente informado acerca de c\u00f3mo recopilamos y tratamos de forma segura cualquier dato que nos facilites. Tus datos ser\u00e1n tratados de conformidad con [&hellip;]<\/p>\n","protected":false},"author":1,"featured_media":0,"parent":0,"menu_order":0,"comment_status":"closed","ping_status":"closed","template":"","meta":{"_et_pb_use_builder":"on","_et_pb_old_content":"<div id=\"clickdatos\">\r\n\r\nPol\u00edtica de privacidad\r\nDesde SUMINISTROS CALEF\u00d3N, S.L. entendemos que es esencial mantener una relaci\u00f3n transparente contigo, por ello, a continuaci\u00f3n, te presentamos nuestra Pol\u00edtica de Privacidad, para que en todo momento est\u00e9s debidamente informado acerca de c\u00f3mo recopilamos y tratamos de forma segura cualquier dato que nos facilites.\r\nTus datos ser\u00e1n tratados de conformidad con la legislaci\u00f3n vigente y, en concreto, de acuerdo a lo establecido en el Reglamento (UE) 2016\/679 de 27 de abril de 2016 (RGPD) relativo a la protecci\u00f3n de las personas f\u00edsicas en lo que respecta al tratamiento de datos personales y a la libre circulaci\u00f3n de estos datos. Tambi\u00e9n en lo referente a la Ley Org\u00e1nica 3\/2018, del 5 de diciembre, de Protecci\u00f3n de Datos Personales y Garant\u00eda de los Derechos Digitales.\r\nUna lectura detenida de nuestra Pol\u00edtica de Privacidad te aportar\u00e1 la informaci\u00f3n necesaria para conocer qu\u00e9 destino le daremos a los datos que nos proporciones.\r\n\u00bfQUI\u00c9N ES EL RESPONSABLE DEL TRATAMIENTO DE TUS DATOS?\r\nSi t\u00fa, o una persona autorizada, nos has facilitado tus datos, te informamos de que SUMINISTROS CALEF\u00d3N, S.L., con CIF: ESB15122260 es el responsable del tratamiento de los mismos. Estos datos ser\u00e1n tratados de conformidad con lo dispuesto en las normativas vigentes sobre protecci\u00f3n de datos personales.\r\nEs posible que existan otros responsables en los tratamientos que realizamos, en ese caso siempre informaremos de quien es el\/la responsable del tratamiento de los mismos, as\u00ed como de sus datos de identificaci\u00f3n.\r\nDesde SUMINISTROS CALEF\u00d3N, S.L. nos comprometemos al cumplimiento de la obligaci\u00f3n de secreto de los datos de car\u00e1cter personal y de su deber de guardarlos. Para eso adoptamos las medidas necesarias para evitar su alteraci\u00f3n, p\u00e9rdida, tratamiento o acceso no autorizado de acuerdo con establecido en el Reglamento.\r\n\u00bfD\u00d3NDE INFORMAMOS?\r\nDesde SUMINISTROS CALEF\u00d3N, S.L. informamos a trav\u00e9s de la p\u00e1gina web www.calefon.es en el apartado correspondiente a la pol\u00edtica de privacidad. M\u00e1s informaci\u00f3n en \u201cAviso Legal\u201d.\r\n\u00bfQU\u00c9 DATOS PERSONALES TRATAMOS?\r\nLos datos personales que tratamos son:\r\n\u2981 Aquellos que t\u00fa decidas facilitarnos voluntariamente\r\n\u2981 Los datos derivados de las comunicaciones que mantengas con nosotros.\r\n\u2981 La informaci\u00f3n correspondiente a tu propia navegaci\u00f3n en el caso de Servicios Online, (direcci\u00f3n IP o informaci\u00f3n derivada de cookies o dispositivos similares (puedes ver nuestra Pol\u00edtica de Cookies en la web).\r\n\u2981 Aquella informaci\u00f3n que se encuentre disponible en fuentes accesibles al p\u00fablico, a la que leg\u00edtimamente podamos acceder.\r\n\u2981 Los datos que se deriven de la relaci\u00f3n contractual o precontractual que mantengas con nosotros, incluida tu imagen, inform\u00e1ndote siempre en este caso de la posibilidad de captar tu imagen.\r\n\u2981 Los que terceras personas nos proporcionen sobre ti, existiendo una base leg\u00edtima para ello o habiendo obtenido tu consentimiento para ello.\r\n\u2981 Los datos de terceros que t\u00fa nos facilites, previo consentimiento del tercero en cuesti\u00f3n.\r\n\u00bfC\u00d3MO TRATAMOS LOS DATOS?\r\nEn SUMINISTROS CALEF\u00d3N, S.L. tratamos tus datos personales siempre en estricto cumplimiento de la legislaci\u00f3n vigente. Adem\u00e1s, te informamos de que contamos con las medidas t\u00e9cnicas y organizativas adecuadas para garantizar un nivel \u00f3ptimo de seguridad, garantizando con ello que solo acceder\u00e1n aquellas personas que tengan autorizaci\u00f3n, que los mantendremos \u00edntegros, evitando cualquier p\u00e9rdida intencionada o accidental y que hemos reforzado los sistemas y servicios de tratamiento de datos.\r\nLas operaciones, gestiones y procedimientos t\u00e9cnicos que realizamos de forma automatizada o no automatizada y que posibiliten la recogida, almacenamiento, modificaci\u00f3n, transferencia y otras acciones sobre datos de car\u00e1cter personal, tienen la consideraci\u00f3n de tratamiento de datos personales.\r\n\u00bfCU\u00c1L ES LA LEGITIMACI\u00d3N DEL TRATAMIENTO?\r\nLa base de la legitimaci\u00f3n del tratamiento de Datos Personales ser\u00e1 la que resulte de la relaci\u00f3n contractual o precontractual, de la relaci\u00f3n laboral o de cualquier otra que se requiera para el tratamiento de datos, tales como el consentimiento expreso.\r\n\u00bfC\u00d3MO GESTIONAMOS LAS COMUNICACIONES ELECTR\u00d3NICAS?\r\nDe conformidad con lo establecido en la Ley 34\/2002 de 11 de julio, de Servicios de la Sociedad de la Informaci\u00f3n y del Comercio Electr\u00f3nico, y la Directiva 2002\/58\/CE te informamos de que puedes recibir comunicaciones e informaci\u00f3n de \u00edndole comercial mediante este sistema de comunicaci\u00f3n electr\u00f3nica (correos electr\u00f3nicos, mensajes de respuesta automatizada de formularios y otros sistemas de comunicaci\u00f3n) cuando nos hubieras otorgado tu consentimiento o bien se trate de comunicaciones comerciales referentes a productos o servicios similares a los prestados con anterioridad por el responsable del tratamiento de tus datos.\r\nEn el supuesto de que no desees recibir comunicaciones e informaciones de esta \u00edndole, nos lo puedes notificar por esta misma v\u00eda indicando en el asunto \"BAJA COMUNICACIONES COMERCIALES\" para que tus datos personales sean dados de baja de nuestra base de datos. Tu solicitud ser\u00e1 accionada en un plazo de 1 mes desde su env\u00edo. En el supuesto de que no recibamos contestaci\u00f3n expresa por tu parte, entenderemos que aceptas y autorizas que nuestra entidad siga realizando las referidas comunicaciones\r\nEn el caso de recibir dichas comunicaciones por estos medios te informamos que los mensajes se dirigen exclusivamente a su destinatario y puede contener informaci\u00f3n privilegiada o confidencial. Si no eres el destinatario indicado, te notificamos de que la utilizaci\u00f3n, divulgaci\u00f3n y\/o copia sin autorizaci\u00f3n est\u00e1 prohibida en virtud de la legislaci\u00f3n vigente.\r\n\r\n\u00bfCU\u00c1NTO TIEMPO CONSERVAMOS TUS DATOS?\r\nLos datos personales relativos a personas f\u00edsicas que desde SUMINISTROS CALEF\u00d3N, S.L. recopilamos por cualquier medio, se conservar\u00e1n mientras el interesado no solicite su supresi\u00f3n. As\u00ed mismo, se conservar\u00e1n mientras se mantenga la relaci\u00f3n que origin\u00f3 el tratamiento de los datos, respetando en cualquier caso los plazos legales de conservaci\u00f3n. Concluido este per\u00edodo, los datos personales ser\u00e1n eliminados de todos los sistemas de SUMINISTROS CALEF\u00d3N, S.L..\r\n\u00bfTUS DATOS SER\u00c1N COMUNICADOS A TERCEROS?\r\nNo habr\u00e1 cesi\u00f3n, transmisi\u00f3n o transferencia de datos personales, salvo las ya informadas, que no sean a consecuencia de una obligaci\u00f3n legal. Si por requerimiento de la Administraci\u00f3n P\u00fablica o de las Instituciones Auton\u00f3micas en el \u00e1mbito de las funciones que la ley les atribuya expresamente, se nos solicitan tus datos, estos ser\u00e1n transmitidos.\r\nDe existir una cesi\u00f3n, transmisi\u00f3n o transferencia de datos personales fuera de los casos anteriormente previstos, ser\u00e1s previamente informado para que, si procede, nos prestes tu consentimiento.\r\nPero para poder organizarnos correctamente, tener buenas operativas y procedimientos que garanticen una buena gesti\u00f3n, desde SUMINISTROS CALEF\u00d3N, S.L. puede ser necesario el tener que contratar los servicios de asesores, profesionales, u otras empresas de servicios para tratar datos bajo nuestras indicaciones.\r\nEste tratamiento por cuenta de terceros est\u00e1 regulada en un contrato que consta por escrito o de alguna otra forma legalmente admitida y que permita acreditar su celebraci\u00f3n y contenido, especificando expresamente que el encargado del tratamiento tratar\u00e1 los datos conforme a nuestras instrucciones y no los aplicar\u00e1 o usar\u00e1 con un fin distinto al que figure en dicho contrato, ni los comunicar\u00e1, ni siquiera para su conservaci\u00f3n, a otras personas.\r\n\u00bfCU\u00c1LES SON TUS DERECHOS?\r\nLa normativa de protecci\u00f3n de datos le confiere los siguientes derechos:\r\n\u2981 Derecho a revocar cualquier consentimiento prestado previamente.\r\n\u2981 Derecho de acceso: Conocer qu\u00e9 tipo de datos se est\u00e1n tratando y las caracter\u00edsticas del tratamiento que se lleva a cabo.\r\n\u2981 Derecho de rectificaci\u00f3n: Poder solicitar la modificaci\u00f3n de los datos que sean inexactos o no veraces\r\n\u2981 Derecho de portabilidad: Poder obtener una copia en formato interoperable de los datos que est\u00e9n siendo tratados.\r\n\u2981 Derecho a la limitaci\u00f3n del tratamiento en los casos que considere que no es necesario.\r\n\u2981 Derecho de cancelaci\u00f3n: Solicitar el cese del tratamiento de los datos y su supresi\u00f3n cuando ya no sea necesaria su conservaci\u00f3n.\r\n\r\nSi deseas m\u00e1s informaci\u00f3n respecto al tratamiento de tus datos, rectificar aquellos que sean inexactos, oponerse y\/o limitar alg\u00fan tratamiento que consideres que no es necesario, o solicitar la cancelaci\u00f3n del tratamiento cuando los datos ya no sean necesarios, puedes dirigirte por escrito a SUMINISTROS CALEF\u00d3N, S.L. en Vid\u00e1n S\/N, , 15706 - SANTIAGO DE COMPOSTELA (A Coru\u00f1a) o mediante correo electr\u00f3nico a derechoslopd@calefon.es.\r\n\u2981 Dicha comunicaci\u00f3n deber\u00e1 reflejar la siguiente informaci\u00f3n: Nombre y apellidos del usuario, la petici\u00f3n de solicitud, el domicilio y los datos acreditativos.\r\n\u2981 El ejercicio de derechos deber\u00e1 ser realizado por el propio usuario. No obstante, podr\u00e1n ser ejecutados por una persona autorizada como representante legal del autorizado. En tal caso, se deber\u00e1 aportar la documentaci\u00f3n que acredite esta representaci\u00f3n del interesado.\r\nAs\u00ed mismo, queremos informarte de que puedes retirar el consentimiento prestado sin que ello afecte a la licitud del tratamiento ya realizado, enviando tu solicitud a la misma direcci\u00f3n indicada en el p\u00e1rrafo anterior. En este caso, deber\u00e1s acompa\u00f1ar a tu solicitud, copia de tu DNI o documento acreditativo de tu identidad.\r\nRecordarte, adem\u00e1s, que tienes derecho a presentar una reclamaci\u00f3n ante la Agencia Espa\u00f1ola de Protecci\u00f3n de Datos (AEPD), si consideras infringidos tus derechos Protecci\u00f3n de datos C\/ Jorge Juan, 6 28001-Madrid - FAX: 914483680- TELF: 901 100 099- E-mail: ciudadano@agpd.es\r\n\u00bfCU\u00c1L ES LA FINALIDAD Y BASE DE LEGITIMACI\u00d3N PARA EL TRATAMIENTO DE LOS DATOS Y CUANTO SE CONSERVARAN LOS DATOS?\r\nDetallamos a continuaci\u00f3n las finalidades de los tratamientos de datos llevados a cabo por alguno, o todos, de los Responsables de Tratamiento enumerados con anterioridad.\r\nACTIVIDAD DE TRATAMIENTO FINALIDAD DEL TRATAMIENTO BASE DE LEGITIMACI\u00d3N PLAZO DE CONSERVACI\u00d3N\r\nGesti\u00f3n laboral Gesti\u00f3n del personal para formalizaci\u00f3n de un contratro laboral, control de expedientes, gesti\u00f3n y env\u00edo de n\u00f3minas... Relaci\u00f3n contractual 5 a\u00f1os desde la finalizaci\u00f3n del contrato\r\nGesti\u00f3n fiscal y contable Tratamiento necesario para el cumplimiento de las obligaciones fiscales y contables Relaci\u00f3n contractual\r\nObligaci\u00f3n legal para el\/la responsable\r\nIntereses leg\u00edtimos prevalentes del responsable o de terceros 5 a\u00f1os desde la finalizaci\u00f3n del contrato\r\nEl tiempo necesario para responder de obligaciones legales\r\nGesti\u00f3n de contactos Tratamiento de los datos para poder mantener comunicaciones con los interesados\/as Relaci\u00f3n contractual\r\nIntereses leg\u00edtimos prevalentes del responsable o de terceros\r\nConsentimiento expreso del interesado\/a 5 a\u00f1os desde la finalizaci\u00f3n del contrato\r\nHasta la cancelaci\u00f3n y\/o oposici\u00f3n por parte del\/de la titular\r\nHasta la p\u00e9rdida relevante de su uso\r\nPrevenci\u00f3n de riesgos laborales Cumplimiento de la legislaci\u00f3n vigente en materia de prevenci\u00f3n de riesgos laborales y vigilancia de la salud Relaci\u00f3n contractual\r\nObligaci\u00f3n legal para el\/la responsable Hasta la finalizaci\u00f3n de la relaci\u00f3n contractual\r\nEl plazo legalmente establecido por la normativa espec\u00edfica\r\nVideovigilancia Captaci\u00f3n de im\u00e1genes por el sistema de videovigilancia y\/o sistema de alarma con captaci\u00f3n de im\u00e1genes, para proteger los activos de la entidad Intereses leg\u00edtimos prevalentes del responsable o de terceros 1 mes\r\nGesti\u00f3n de candidatos\/as a un puesto de trabajo Selecci\u00f3n de personal y provisi\u00f3n de puestos de trabajo mediante gesti\u00f3n de curriculum, entrevistas personales y pruebas de valoraci\u00f3n Intereses vitales del interesado\/a o de otras personas\r\nConsentimiento expreso del interesado\/a M\u00e1ximo 1 a\u00f1o\r\nComunicaci\u00f3n informativa y notificaciones Difusi\u00f3n de actividades y notificaciones de informaci\u00f3n relevante relacionada con la actividad de la entidad Intereses leg\u00edtimos prevalentes del responsable o de terceros\r\nConsentimiento expreso del interesado\/a Hasta la cancelaci\u00f3n y\/o oposici\u00f3n por parte del\/de la titular\r\nGesti\u00f3n de clientes Tratamiento de los datos necesarios para el mantenimiento de la relaci\u00f3n comercial\/contractual con los clientes, la facturaci\u00f3n, el servicio post-venta, el env\u00edo de promociones y publicidad y la fidelizaci\u00f3n. Relaci\u00f3n contractual\r\nRelaci\u00f3n comercial 5 a\u00f1os desde la finalizaci\u00f3n del contrato\r\nEl plazo legalmente establecido por la normativa espec\u00edfica\r\nGesti\u00f3n de proveedores An\u00e1lisis, valoraci\u00f3n, contrataci\u00f3n, gesti\u00f3n de pedidos y gesti\u00f3n de pagos a proveedores Relaci\u00f3n contractual 5 a\u00f1os desde la finalizaci\u00f3n del contrato\r\nEl plazo legalmente establecido por la normativa espec\u00edfica\r\nGesti\u00f3n de pedidos Gesti\u00f3n y trazabilidad de los pedidos realizados a trav\u00e9s de los diferentes canales de distribuci\u00f3n del responsable Relaci\u00f3n contractual\r\nRelaci\u00f3n comercial Hasta la finalizaci\u00f3n de la relaci\u00f3n contractual\r\nGesti\u00f3n de potenciales clientes Poder realizar las comunicaciones necesarias con posibles clientes y\/u otros interesados\/as, env\u00edo de presupuestos, tarifas, costes de productos y dem\u00e1s informaci\u00f3n solicitada previa a establecer una relaci\u00f3n contractual Relaci\u00f3n comercial Hasta la p\u00e9rdida relevante de su uso\r\nControl laboral Control de asistencia de los empleados\/as al puesto de trabajo, control de horarios y gesti\u00f3n de vacaciones, bajas y otras asistencias. Relaci\u00f3n contractual\r\nObligaci\u00f3n legal para el\/la responsable\r\nIntereses leg\u00edtimos prevalentes del responsable o de terceros Hasta la finalizaci\u00f3n de la relaci\u00f3n contractual\r\nControl laboral biom\u00e9trico Control de acceso a las instalaciones, control de turnos y otros tratamientos afines. Relaci\u00f3n contractual\r\nObligaci\u00f3n legal para el\/la responsable\r\nIntereses leg\u00edtimos prevalentes del responsable o de terceros Hasta la finalizaci\u00f3n de la relaci\u00f3n contractual\r\nGeolocalizaci\u00f3n de equipos y\/o veh\u00edculos Gestionar el alta de usuarios autorizados a manejar equipos y\/o veh\u00edculos con geolocalizaci\u00f3n, localizar el dispositivo, verificar rutas y generar informes Intereses leg\u00edtimos prevalentes del responsable o de terceros\r\nConsentimiento expreso del interesado\/a Hasta la finalizaci\u00f3n de la relaci\u00f3n contractual\r\n\r\nFecha de revisi\u00f3n:\r\n\r\n<\/div>","_et_gb_content_width":"","footnotes":""},"class_list":["post-2018","page","type-page","status-publish","hentry"],"yoast_head":"<!-- This site is optimized with the Yoast SEO plugin v25.1 - https:\/\/yoast.com\/wordpress\/plugins\/seo\/ -->\n<title>Pol\u00edtica de Privacidad - Calef\u00f3n<\/title>\n<meta name=\"robots\" content=\"index, follow, max-snippet:-1, max-image-preview:large, max-video-preview:-1\" \/>\n<link rel=\"canonical\" href=\"https:\/\/calefon.es\/pt-pt\/politica-de-privacidad\/\" \/>\n<meta property=\"og:locale\" content=\"pt_PT\" \/>\n<meta property=\"og:type\" content=\"article\" \/>\n<meta property=\"og:title\" content=\"Pol\u00edtica de Privacidad - Calef\u00f3n\" \/>\n<meta property=\"og:description\" content=\"Pol\u00edtica de privacidad Desde SUMINISTROS CALEF\u00d3N, S.L. entendemos que es esencial mantener una relaci\u00f3n transparente contigo, por ello, a continuaci\u00f3n, te presentamos nuestra Pol\u00edtica de Privacidad, para que en todo momento est\u00e9s debidamente informado acerca de c\u00f3mo recopilamos y tratamos de forma segura cualquier dato que nos facilites. Tus datos ser\u00e1n tratados de conformidad con [&hellip;]\" \/>\n<meta property=\"og:url\" content=\"https:\/\/calefon.es\/pt-pt\/politica-de-privacidad\/\" \/>\n<meta property=\"og:site_name\" content=\"Calef\u00f3n\" \/>\n<meta property=\"article:modified_time\" content=\"2025-08-22T09:24:58+00:00\" \/>\n<meta name=\"twitter:card\" content=\"summary_large_image\" \/>\n<meta name=\"twitter:label1\" content=\"Tempo estimado de leitura\" \/>\n\t<meta name=\"twitter:data1\" content=\"10 minutos\" \/>\n<script type=\"application\/ld+json\" class=\"yoast-schema-graph\">{\"@context\":\"https:\/\/schema.org\",\"@graph\":[{\"@type\":\"WebPage\",\"@id\":\"https:\/\/calefon.es\/pt-pt\/politica-de-privacidad\/\",\"url\":\"https:\/\/calefon.es\/pt-pt\/politica-de-privacidad\/\",\"name\":\"Pol\u00edtica de Privacidad - Calef\u00f3n\",\"isPartOf\":{\"@id\":\"https:\/\/calefon.es\/pt-pt\/#website\"},\"datePublished\":\"2020-02-17T08:27:38+00:00\",\"dateModified\":\"2025-08-22T09:24:58+00:00\",\"breadcrumb\":{\"@id\":\"https:\/\/calefon.es\/pt-pt\/politica-de-privacidad\/#breadcrumb\"},\"inLanguage\":\"pt-PT\",\"potentialAction\":[{\"@type\":\"ReadAction\",\"target\":[\"https:\/\/calefon.es\/pt-pt\/politica-de-privacidad\/\"]}]},{\"@type\":\"BreadcrumbList\",\"@id\":\"https:\/\/calefon.es\/pt-pt\/politica-de-privacidad\/#breadcrumb\",\"itemListElement\":[{\"@type\":\"ListItem\",\"position\":1,\"name\":\"Home\",\"item\":\"https:\/\/calefon.es\/pt-pt\/\"},{\"@type\":\"ListItem\",\"position\":2,\"name\":\"Pol\u00edtica de Privacidad\"}]},{\"@type\":\"WebSite\",\"@id\":\"https:\/\/calefon.es\/pt-pt\/#website\",\"url\":\"https:\/\/calefon.es\/pt-pt\/\",\"name\":\"Calef\u00f3n\",\"description\":\"\",\"potentialAction\":[{\"@type\":\"SearchAction\",\"target\":{\"@type\":\"EntryPoint\",\"urlTemplate\":\"https:\/\/calefon.es\/pt-pt\/?s={search_term_string}\"},\"query-input\":{\"@type\":\"PropertyValueSpecification\",\"valueRequired\":true,\"valueName\":\"search_term_string\"}}],\"inLanguage\":\"pt-PT\"}]}<\/script>\n<!-- \/ Yoast SEO plugin. -->","yoast_head_json":{"title":"Pol\u00edtica de Privacidad - Calef\u00f3n","robots":{"index":"index","follow":"follow","max-snippet":"max-snippet:-1","max-image-preview":"max-image-preview:large","max-video-preview":"max-video-preview:-1"},"canonical":"https:\/\/calefon.es\/pt-pt\/politica-de-privacidad\/","og_locale":"pt_PT","og_type":"article","og_title":"Pol\u00edtica de Privacidad - Calef\u00f3n","og_description":"Pol\u00edtica de privacidad Desde SUMINISTROS CALEF\u00d3N, S.L. entendemos que es esencial mantener una relaci\u00f3n transparente contigo, por ello, a continuaci\u00f3n, te presentamos nuestra Pol\u00edtica de Privacidad, para que en todo momento est\u00e9s debidamente informado acerca de c\u00f3mo recopilamos y tratamos de forma segura cualquier dato que nos facilites. Tus datos ser\u00e1n tratados de conformidad con [&hellip;]","og_url":"https:\/\/calefon.es\/pt-pt\/politica-de-privacidad\/","og_site_name":"Calef\u00f3n","article_modified_time":"2025-08-22T09:24:58+00:00","twitter_card":"summary_large_image","twitter_misc":{"Tempo estimado de leitura":"10 minutos"},"schema":{"@context":"https:\/\/schema.org","@graph":[{"@type":"WebPage","@id":"https:\/\/calefon.es\/pt-pt\/politica-de-privacidad\/","url":"https:\/\/calefon.es\/pt-pt\/politica-de-privacidad\/","name":"Pol\u00edtica de Privacidad - Calef\u00f3n","isPartOf":{"@id":"https:\/\/calefon.es\/pt-pt\/#website"},"datePublished":"2020-02-17T08:27:38+00:00","dateModified":"2025-08-22T09:24:58+00:00","breadcrumb":{"@id":"https:\/\/calefon.es\/pt-pt\/politica-de-privacidad\/#breadcrumb"},"inLanguage":"pt-PT","potentialAction":[{"@type":"ReadAction","target":["https:\/\/calefon.es\/pt-pt\/politica-de-privacidad\/"]}]},{"@type":"BreadcrumbList","@id":"https:\/\/calefon.es\/pt-pt\/politica-de-privacidad\/#breadcrumb","itemListElement":[{"@type":"ListItem","position":1,"name":"Home","item":"https:\/\/calefon.es\/pt-pt\/"},{"@type":"ListItem","position":2,"name":"Pol\u00edtica de Privacidad"}]},{"@type":"WebSite","@id":"https:\/\/calefon.es\/pt-pt\/#website","url":"https:\/\/calefon.es\/pt-pt\/","name":"Calef\u00f3n","description":"","potentialAction":[{"@type":"SearchAction","target":{"@type":"EntryPoint","urlTemplate":"https:\/\/calefon.es\/pt-pt\/?s={search_term_string}"},"query-input":{"@type":"PropertyValueSpecification","valueRequired":true,"valueName":"search_term_string"}}],"inLanguage":"pt-PT"}]}},"_links":{"self":[{"href":"https:\/\/calefon.es\/pt-pt\/wp-json\/wp\/v2\/pages\/2018","targetHints":{"allow":["GET"]}}],"collection":[{"href":"https:\/\/calefon.es\/pt-pt\/wp-json\/wp\/v2\/pages"}],"about":[{"href":"https:\/\/calefon.es\/pt-pt\/wp-json\/wp\/v2\/types\/page"}],"author":[{"embeddable":true,"href":"https:\/\/calefon.es\/pt-pt\/wp-json\/wp\/v2\/users\/1"}],"replies":[{"embeddable":true,"href":"https:\/\/calefon.es\/pt-pt\/wp-json\/wp\/v2\/comments?post=2018"}],"version-history":[{"count":4,"href":"https:\/\/calefon.es\/pt-pt\/wp-json\/wp\/v2\/pages\/2018\/revisions"}],"predecessor-version":[{"id":15478,"href":"https:\/\/calefon.es\/pt-pt\/wp-json\/wp\/v2\/pages\/2018\/revisions\/15478"}],"wp:attachment":[{"href":"https:\/\/calefon.es\/pt-pt\/wp-json\/wp\/v2\/media?parent=2018"}],"curies":[{"name":"wp","href":"https:\/\/api.w.org\/{rel}","templated":true}]}}