{"id":3372,"date":"2022-01-07T09:00:18","date_gmt":"2022-01-07T08:00:18","guid":{"rendered":"https:\/\/calefon.es.46-231-5-178.46-231-5-178.visualpublinet.com\/catalogos\/catalogo-aire\/"},"modified":"2025-10-28T09:07:51","modified_gmt":"2025-10-28T08:07:51","slug":"catalogo-ar-condicionado","status":"publish","type":"project","link":"https:\/\/calefon.es\/pt-pt\/catalogos\/catalogo-ar-condicionado\/","title":{"rendered":"Cat\u00e1logo Ar Condicionado"},"content":{"rendered":"<p>[et_pb_section fb_built=&#8221;1&#8243; admin_label=&#8221;section&#8221; _builder_version=&#8221;4.16&#8243; global_colors_info=&#8221;{}&#8221;][et_pb_row admin_label=&#8221;row&#8221; _builder_version=&#8221;4.16&#8243; background_size=&#8221;initial&#8221; background_position=&#8221;top_left&#8221; background_repeat=&#8221;repeat&#8221; global_colors_info=&#8221;{}&#8221;][et_pb_column type=&#8221;4_4&#8243; _builder_version=&#8221;4.16&#8243; custom_padding=&#8221;|||&#8221; global_colors_info=&#8221;{}&#8221; custom_padding__hover=&#8221;|||&#8221;][et_pb_text admin_label=&#8221;Text&#8221; _builder_version=&#8221;4.27.4&#8243; background_size=&#8221;initial&#8221; background_position=&#8221;top_left&#8221; background_repeat=&#8221;repeat&#8221; hover_enabled=&#8221;0&#8243; global_colors_info=&#8221;{}&#8221; sticky_enabled=&#8221;0&#8243;]<\/p>\n<p>Um cat\u00e1logo completo no qual voc\u00ea pode encontrar n\u00e3o apenas equipamentos de ar condicionado, mas tamb\u00e9m controle de zoneamento com sistema de automa\u00e7\u00e3o residencial, chillers, ventila\u00e7\u00e3o, difus\u00e3o de ar, dutos, ventiloconvectores, cortinas de ar, ferramentas e acess\u00f3rios.<br \/>Um sortimento b\u00e1sico com as refer\u00eancias mais comuns e exigidas.<\/p>\n<p><a class=\"et_pb_button btn_download\" href=\"\/wp-content\/uploads\/2025\/10\/CATALOGO-AIRE-2025-1.pdf\" target=\"_blank\" rel=\"noopener\">Download cat\u00e1logo<\/a><\/p>\n<p>[\/et_pb_text][\/et_pb_column][\/et_pb_row][\/et_pb_section]<\/p>\n","protected":false},"excerpt":{"rendered":"<p>Um cat\u00e1logo completo no qual voc\u00ea pode encontrar n\u00e3o apenas equipamentos de ar condicionado, mas tamb\u00e9m controle de zoneamento com sistema de automa\u00e7\u00e3o residencial, chillers, ventila\u00e7\u00e3o, difus\u00e3o de ar, dutos, ventiloconvectores, cortinas de ar, ferramentas e acess\u00f3rios.Um sortimento b\u00e1sico com as refer\u00eancias mais comuns e exigidas. Download cat\u00e1logo<\/p>\n","protected":false},"author":1,"featured_media":16209,"comment_status":"closed","ping_status":"closed","template":"","meta":{"_et_pb_use_builder":"on","_et_pb_old_content":"","_et_gb_content_width":"","footnotes":""},"project_category":[],"project_tag":[],"class_list":["post-3372","project","type-project","status-publish","has-post-thumbnail","hentry"],"yoast_head":"<!-- This site is optimized with the Yoast SEO plugin v25.1 - https:\/\/yoast.com\/wordpress\/plugins\/seo\/ -->\n<title>Cat\u00e1logo Ar Condicionado - Calef\u00f3n<\/title>\n<meta name=\"robots\" content=\"index, follow, max-snippet:-1, max-image-preview:large, max-video-preview:-1\" \/>\n<link rel=\"canonical\" href=\"https:\/\/calefon.es\/pt-pt\/catalogos\/catalogo-ar-condicionado\/\" \/>\n<meta property=\"og:locale\" content=\"pt_PT\" \/>\n<meta property=\"og:type\" content=\"article\" \/>\n<meta property=\"og:title\" content=\"Cat\u00e1logo Ar Condicionado - Calef\u00f3n\" \/>\n<meta property=\"og:description\" content=\"Um cat\u00e1logo completo no qual voc\u00ea pode encontrar n\u00e3o apenas equipamentos de ar condicionado, mas tamb\u00e9m controle de zoneamento com sistema de automa\u00e7\u00e3o residencial, chillers, ventila\u00e7\u00e3o, difus\u00e3o de ar, dutos, ventiloconvectores, cortinas de ar, ferramentas e acess\u00f3rios.Um sortimento b\u00e1sico com as refer\u00eancias mais comuns e exigidas. Download cat\u00e1logo\" \/>\n<meta property=\"og:url\" content=\"https:\/\/calefon.es\/pt-pt\/catalogos\/catalogo-ar-condicionado\/\" \/>\n<meta property=\"og:site_name\" content=\"Calef\u00f3n\" \/>\n<meta property=\"article:modified_time\" content=\"2025-10-28T08:07:51+00:00\" \/>\n<meta property=\"og:image\" content=\"https:\/\/calefon.es\/wp-content\/uploads\/2025\/10\/PORTADA_AIRE.jpg\" \/>\n\t<meta property=\"og:image:width\" content=\"1023\" \/>\n\t<meta property=\"og:image:height\" content=\"1447\" \/>\n\t<meta property=\"og:image:type\" content=\"image\/jpeg\" \/>\n<meta name=\"twitter:card\" content=\"summary_large_image\" \/>\n<meta name=\"twitter:label1\" content=\"Tempo estimado de leitura\" \/>\n\t<meta name=\"twitter:data1\" content=\"1 minuto\" \/>\n<script type=\"application\/ld+json\" class=\"yoast-schema-graph\">{\"@context\":\"https:\/\/schema.org\",\"@graph\":[{\"@type\":\"WebPage\",\"@id\":\"https:\/\/calefon.es\/pt-pt\/catalogos\/catalogo-ar-condicionado\/\",\"url\":\"https:\/\/calefon.es\/pt-pt\/catalogos\/catalogo-ar-condicionado\/\",\"name\":\"Cat\u00e1logo Ar Condicionado - Calef\u00f3n\",\"isPartOf\":{\"@id\":\"https:\/\/calefon.es\/pt-pt\/#website\"},\"primaryImageOfPage\":{\"@id\":\"https:\/\/calefon.es\/pt-pt\/catalogos\/catalogo-ar-condicionado\/#primaryimage\"},\"image\":{\"@id\":\"https:\/\/calefon.es\/pt-pt\/catalogos\/catalogo-ar-condicionado\/#primaryimage\"},\"thumbnailUrl\":\"https:\/\/calefon.es\/wp-content\/uploads\/2025\/10\/PORTADA_AIRE.jpg\",\"datePublished\":\"2022-01-07T08:00:18+00:00\",\"dateModified\":\"2025-10-28T08:07:51+00:00\",\"breadcrumb\":{\"@id\":\"https:\/\/calefon.es\/pt-pt\/catalogos\/catalogo-ar-condicionado\/#breadcrumb\"},\"inLanguage\":\"pt-PT\",\"potentialAction\":[{\"@type\":\"ReadAction\",\"target\":[\"https:\/\/calefon.es\/pt-pt\/catalogos\/catalogo-ar-condicionado\/\"]}]},{\"@type\":\"ImageObject\",\"inLanguage\":\"pt-PT\",\"@id\":\"https:\/\/calefon.es\/pt-pt\/catalogos\/catalogo-ar-condicionado\/#primaryimage\",\"url\":\"https:\/\/calefon.es\/wp-content\/uploads\/2025\/10\/PORTADA_AIRE.jpg\",\"contentUrl\":\"https:\/\/calefon.es\/wp-content\/uploads\/2025\/10\/PORTADA_AIRE.jpg\",\"width\":1023,\"height\":1447},{\"@type\":\"BreadcrumbList\",\"@id\":\"https:\/\/calefon.es\/pt-pt\/catalogos\/catalogo-ar-condicionado\/#breadcrumb\",\"itemListElement\":[{\"@type\":\"ListItem\",\"position\":1,\"name\":\"Home\",\"item\":\"https:\/\/calefon.es\/pt-pt\/\"},{\"@type\":\"ListItem\",\"position\":2,\"name\":\"Projects\",\"item\":\"https:\/\/calefon.es\/pt-pt\/catalogos\/\"},{\"@type\":\"ListItem\",\"position\":3,\"name\":\"Cat\u00e1logo Ar Condicionado\"}]},{\"@type\":\"WebSite\",\"@id\":\"https:\/\/calefon.es\/pt-pt\/#website\",\"url\":\"https:\/\/calefon.es\/pt-pt\/\",\"name\":\"Calef\u00f3n\",\"description\":\"\",\"potentialAction\":[{\"@type\":\"SearchAction\",\"target\":{\"@type\":\"EntryPoint\",\"urlTemplate\":\"https:\/\/calefon.es\/pt-pt\/?s={search_term_string}\"},\"query-input\":{\"@type\":\"PropertyValueSpecification\",\"valueRequired\":true,\"valueName\":\"search_term_string\"}}],\"inLanguage\":\"pt-PT\"}]}<\/script>\n<!-- \/ Yoast SEO plugin. -->","yoast_head_json":{"title":"Cat\u00e1logo Ar Condicionado - Calef\u00f3n","robots":{"index":"index","follow":"follow","max-snippet":"max-snippet:-1","max-image-preview":"max-image-preview:large","max-video-preview":"max-video-preview:-1"},"canonical":"https:\/\/calefon.es\/pt-pt\/catalogos\/catalogo-ar-condicionado\/","og_locale":"pt_PT","og_type":"article","og_title":"Cat\u00e1logo Ar Condicionado - Calef\u00f3n","og_description":"Um cat\u00e1logo completo no qual voc\u00ea pode encontrar n\u00e3o apenas equipamentos de ar condicionado, mas tamb\u00e9m controle de zoneamento com sistema de automa\u00e7\u00e3o residencial, chillers, ventila\u00e7\u00e3o, difus\u00e3o de ar, dutos, ventiloconvectores, cortinas de ar, ferramentas e acess\u00f3rios.Um sortimento b\u00e1sico com as refer\u00eancias mais comuns e exigidas. Download cat\u00e1logo","og_url":"https:\/\/calefon.es\/pt-pt\/catalogos\/catalogo-ar-condicionado\/","og_site_name":"Calef\u00f3n","article_modified_time":"2025-10-28T08:07:51+00:00","og_image":[{"width":1023,"height":1447,"url":"https:\/\/calefon.es\/wp-content\/uploads\/2025\/10\/PORTADA_AIRE.jpg","type":"image\/jpeg"}],"twitter_card":"summary_large_image","twitter_misc":{"Tempo estimado de leitura":"1 minuto"},"schema":{"@context":"https:\/\/schema.org","@graph":[{"@type":"WebPage","@id":"https:\/\/calefon.es\/pt-pt\/catalogos\/catalogo-ar-condicionado\/","url":"https:\/\/calefon.es\/pt-pt\/catalogos\/catalogo-ar-condicionado\/","name":"Cat\u00e1logo Ar Condicionado - Calef\u00f3n","isPartOf":{"@id":"https:\/\/calefon.es\/pt-pt\/#website"},"primaryImageOfPage":{"@id":"https:\/\/calefon.es\/pt-pt\/catalogos\/catalogo-ar-condicionado\/#primaryimage"},"image":{"@id":"https:\/\/calefon.es\/pt-pt\/catalogos\/catalogo-ar-condicionado\/#primaryimage"},"thumbnailUrl":"https:\/\/calefon.es\/wp-content\/uploads\/2025\/10\/PORTADA_AIRE.jpg","datePublished":"2022-01-07T08:00:18+00:00","dateModified":"2025-10-28T08:07:51+00:00","breadcrumb":{"@id":"https:\/\/calefon.es\/pt-pt\/catalogos\/catalogo-ar-condicionado\/#breadcrumb"},"inLanguage":"pt-PT","potentialAction":[{"@type":"ReadAction","target":["https:\/\/calefon.es\/pt-pt\/catalogos\/catalogo-ar-condicionado\/"]}]},{"@type":"ImageObject","inLanguage":"pt-PT","@id":"https:\/\/calefon.es\/pt-pt\/catalogos\/catalogo-ar-condicionado\/#primaryimage","url":"https:\/\/calefon.es\/wp-content\/uploads\/2025\/10\/PORTADA_AIRE.jpg","contentUrl":"https:\/\/calefon.es\/wp-content\/uploads\/2025\/10\/PORTADA_AIRE.jpg","width":1023,"height":1447},{"@type":"BreadcrumbList","@id":"https:\/\/calefon.es\/pt-pt\/catalogos\/catalogo-ar-condicionado\/#breadcrumb","itemListElement":[{"@type":"ListItem","position":1,"name":"Home","item":"https:\/\/calefon.es\/pt-pt\/"},{"@type":"ListItem","position":2,"name":"Projects","item":"https:\/\/calefon.es\/pt-pt\/catalogos\/"},{"@type":"ListItem","position":3,"name":"Cat\u00e1logo Ar Condicionado"}]},{"@type":"WebSite","@id":"https:\/\/calefon.es\/pt-pt\/#website","url":"https:\/\/calefon.es\/pt-pt\/","name":"Calef\u00f3n","description":"","potentialAction":[{"@type":"SearchAction","target":{"@type":"EntryPoint","urlTemplate":"https:\/\/calefon.es\/pt-pt\/?s={search_term_string}"},"query-input":{"@type":"PropertyValueSpecification","valueRequired":true,"valueName":"search_term_string"}}],"inLanguage":"pt-PT"}]}},"_links":{"self":[{"href":"https:\/\/calefon.es\/pt-pt\/wp-json\/wp\/v2\/project\/3372","targetHints":{"allow":["GET"]}}],"collection":[{"href":"https:\/\/calefon.es\/pt-pt\/wp-json\/wp\/v2\/project"}],"about":[{"href":"https:\/\/calefon.es\/pt-pt\/wp-json\/wp\/v2\/types\/project"}],"author":[{"embeddable":true,"href":"https:\/\/calefon.es\/pt-pt\/wp-json\/wp\/v2\/users\/1"}],"replies":[{"embeddable":true,"href":"https:\/\/calefon.es\/pt-pt\/wp-json\/wp\/v2\/comments?post=3372"}],"version-history":[{"count":10,"href":"https:\/\/calefon.es\/pt-pt\/wp-json\/wp\/v2\/project\/3372\/revisions"}],"predecessor-version":[{"id":16223,"href":"https:\/\/calefon.es\/pt-pt\/wp-json\/wp\/v2\/project\/3372\/revisions\/16223"}],"wp:featuredmedia":[{"embeddable":true,"href":"https:\/\/calefon.es\/pt-pt\/wp-json\/wp\/v2\/media\/16209"}],"wp:attachment":[{"href":"https:\/\/calefon.es\/pt-pt\/wp-json\/wp\/v2\/media?parent=3372"}],"wp:term":[{"taxonomy":"project_category","embeddable":true,"href":"https:\/\/calefon.es\/pt-pt\/wp-json\/wp\/v2\/project_category?post=3372"},{"taxonomy":"project_tag","embeddable":true,"href":"https:\/\/calefon.es\/pt-pt\/wp-json\/wp\/v2\/project_tag?post=3372"}],"curies":[{"name":"wp","href":"https:\/\/api.w.org\/{rel}","templated":true}]}}